{"id":70,"date":"2015-08-09T21:01:56","date_gmt":"2015-08-09T19:01:56","guid":{"rendered":"https:\/\/old.normabrachorojas.fr\/?page_id=70"},"modified":"2015-11-12T06:35:17","modified_gmt":"2015-11-12T05:35:17","slug":"liens","status":"publish","type":"page","link":"https:\/\/old.normabrachorojas.fr\/?page_id=70","title":{"rendered":"Liens"},"content":{"rendered":"<div class=\"wpb-content-wrapper\">[vc_row][vc_column width=\"1\/3\"][vc_single_image border_color=\"grey\" img_link_target=\"_self\" image=\"152\" img_link_large=\"\" link=\"http:\/\/pares.blogg.org\/\"][vc_column_text]<strong>Alvaro Par\u00e8s<\/strong><\/p>\n<p>\"Non artiste, po\u00e8te-peintre, sculpteur-po\u00e8te,<br \/>\ngraphiste parfois, dessinateur en po\u00e8sie,<br \/>\ninventeur de choses inutiles,<br \/>\nEcrivain en vers et en prose pour de faux,<br \/>\npataphysicien par d\u00e9faut.<br \/>\nEvite soigneusement le circuit de l'art traditionnel.\"<\/p>\n[\/vc_column_text][\/vc_column][vc_column width=\"1\/3\"][vc_single_image border_color=\"grey\" img_link_target=\"_self\" image=\"162\" img_link_large=\"\" link=\"http:\/\/www.estampe-artpopulaire.com\"][vc_column_text]\n<p style=\"text-align: left;\"><strong>Association pour l'Estampe et l'Art Populaire<\/strong><\/p>\n<p style=\"text-align: left;\">49 bis rue des Cascades 75020 Paris<\/p>\n<p style=\"text-align: left;\">tel. 01 47 97 05 35<\/p>\n[\/vc_column_text][\/vc_column][vc_column width=\"1\/3\"][vc_single_image border_color=\"grey\" img_link_target=\"_self\" image=\"155\" img_link_large=\"\" link=\"mailto:createliers.valdor@gmail.com\"][vc_column_text]\n<p style=\"text-align: left;\"><strong>Les cr\u00e9Ateliers du Val d'Or<\/strong><\/p>\n<p style=\"text-align: left;\">40 rue du Mont Val\u00e8rien<br \/>\n92210 St-Cloud<br \/>\ntel: 0146024511\/0625673223<\/p>\n[\/vc_column_text][\/vc_column][vc_column][vc_column_text]\n[\/vc_column_text][\/vc_column][\/vc_row][vc_row][vc_column width=\"1\/3\"][vc_single_image border_color=\"grey\" img_link_target=\"_self\" image=\"186\" img_link_large=\"\" link=\"http:\/\/www.elmundo.com.ve\/noticias\/estilo-de-vida\/arte\/hilo-aborigen-que-teje-conexiones.aspx\"][vc_column_text]<strong>Ivan Miguel Hernandez Rojas,\u00a0cr\u00e9ateur visuel<\/strong><\/p>\n<p><a href=\"https:\/\/youtu.be\/2T5oUDnvpj4\/\">https:\/\/youtu.be\/2T5oUDnvpj4\/<\/a>[\/vc_column_text][\/vc_column][vc_column width=\"1\/3\"][vc_single_image border_color=\"grey\" img_link_target=\"_self\" image=\"156\" img_link_large=\"\" link=\"http:\/\/www.flickr.com\/photos\/julieeiluj\"][vc_column_text]\n<p style=\"text-align: left;\"><strong>July Worman, photographe<\/strong><\/p>\n[\/vc_column_text][\/vc_column][vc_column width=\"1\/3\"][vc_single_image border_color=\"grey\" img_link_target=\"_self\" image=\"160\" img_link_large=\"\" link=\"http:\/\/malenapizani.com\"][vc_column_text]\n<p style=\"text-align: left;\"><strong>Malena Pizani, photographe<\/strong><\/p>\n[\/vc_column_text][\/vc_column][\/vc_row][vc_row][vc_column width=\"1\/3\"][vc_single_image border_color=\"grey\" img_link_target=\"_self\" image=\"164\" img_link_large=\"\" link=\"http:\/\/marlene-napoles.artelista.com\"][vc_column_text]\n<p style=\"text-align: left;\"><strong>Marlene Napoles<\/strong><\/p>\n[\/vc_column_text][\/vc_column][vc_column width=\"1\/3\"][vc_single_image border_color=\"grey\" img_link_target=\"_self\" image=\"169\" img_link_large=\"\" link=\"http:\/\/paolapares.blogspot.fr\/\"][vc_column_text]\n<p style=\"text-align: left;\"><strong>Paola Par\u00e8s, dessinatrice <\/strong><\/p>\n[\/vc_column_text][\/vc_column][vc_column width=\"1\/3\"][vc_single_image border_color=\"grey\" img_link_target=\"_self\" image=\"175\" img_link_large=\"\" link=\"http:\/\/www.querillacq.fr\"][vc_column_text]\n<p style=\"text-align: left;\"><strong>Patrick Querillacq<\/strong><\/p>\n[\/vc_column_text][\/vc_column][\/vc_row][vc_row][vc_column width=\"1\/3\"][vc_single_image border_color=\"grey\" img_link_target=\"_self\" image=\"158\" img_link_large=\"\" link=\"https:\/\/www.facebook.com\/mateo.p.mateo\"][vc_column_text]\n<p style=\"text-align: left;\"><strong>Prune Mateo, peintre<\/strong><\/p>\n[\/vc_column_text][\/vc_column][vc_column width=\"1\/3\"][vc_single_image border_color=\"grey\" img_link_target=\"_self\" image=\"247\" img_link_large=\"\" link=\"http:\/\/sandranicolle.com\"][vc_column_text]\n<p style=\"text-align: left;\"><strong>Sandra Nicolle Bracho,\u00a0<\/strong><strong style=\"line-height: 1.5;\">photographe<\/strong><\/p>\n[\/vc_column_text][\/vc_column][\/vc_row]\n<\/div>","protected":false},"excerpt":{"rendered":"<p>[vc_row][vc_column width=\"1\/3\"][vc_single_image border_color=\"grey\" img_link_target=\"_self\" image=\"152\" img_link_large=\"\" link=\"http:\/\/pares.blogg.org\/\"][vc_column_text]Alvaro Par\u00e8s \"Non artiste, po\u00e8te-peintre, sculpteur-po\u00e8te, graphiste parfois, dessinateur en po\u00e8sie, inventeur de choses inutiles, Ecrivain en vers et en prose pour de faux, pataphysicien par d\u00e9faut. Evite soigneusement le circuit de l'art traditionnel.\" [\/vc_column_text][\/vc_column][vc_column width=\"1\/3\"][vc_single_image border_color=\"grey\" img_link_target=\"_self\" image=\"162\" img_link_large=\"\" link=\"http:\/\/www.estampe-artpopulaire.com\"][vc_column_text] Association pour l'Estampe et l'Art Populaire 49 bis&hellip;<\/p>\n","protected":false},"author":2,"featured_media":82,"parent":0,"menu_order":0,"comment_status":"closed","ping_status":"closed","template":"","meta":{"footnotes":""},"class_list":["post-70","page","type-page","status-publish","has-post-thumbnail","hentry"],"_links":{"self":[{"href":"https:\/\/old.normabrachorojas.fr\/index.php?rest_route=\/wp\/v2\/pages\/70","targetHints":{"allow":["GET"]}}],"collection":[{"href":"https:\/\/old.normabrachorojas.fr\/index.php?rest_route=\/wp\/v2\/pages"}],"about":[{"href":"https:\/\/old.normabrachorojas.fr\/index.php?rest_route=\/wp\/v2\/types\/page"}],"author":[{"embeddable":true,"href":"https:\/\/old.normabrachorojas.fr\/index.php?rest_route=\/wp\/v2\/users\/2"}],"replies":[{"embeddable":true,"href":"https:\/\/old.normabrachorojas.fr\/index.php?rest_route=%2Fwp%2Fv2%2Fcomments&post=70"}],"version-history":[{"count":66,"href":"https:\/\/old.normabrachorojas.fr\/index.php?rest_route=\/wp\/v2\/pages\/70\/revisions"}],"predecessor-version":[{"id":713,"href":"https:\/\/old.normabrachorojas.fr\/index.php?rest_route=\/wp\/v2\/pages\/70\/revisions\/713"}],"wp:featuredmedia":[{"embeddable":true,"href":"https:\/\/old.normabrachorojas.fr\/index.php?rest_route=\/wp\/v2\/media\/82"}],"wp:attachment":[{"href":"https:\/\/old.normabrachorojas.fr\/index.php?rest_route=%2Fwp%2Fv2%2Fmedia&parent=70"}],"curies":[{"name":"wp","href":"https:\/\/api.w.org\/{rel}","templated":true}]}}